
{"id":28,"date":"2021-11-15T10:30:11","date_gmt":"2021-11-15T09:30:11","guid":{"rendered":"https:\/\/przedszkole77.edu.wroclaw.pl\/?page_id=28"},"modified":"2026-01-29T21:36:42","modified_gmt":"2026-01-29T20:36:42","slug":"rekrutacja","status":"publish","type":"page","link":"https:\/\/przedszkole77.edu.wroclaw.pl\/index.php\/rekrutacja\/","title":{"rendered":"Rekrutacja"},"content":{"rendered":"<div class=\"wpb-content-wrapper\"><p>[vc_row][vc_column css=&#8221;.vc_custom_1673594975485{background: #1e73be url(https:\/\/przedszkola.edu.wroclaw.pl\/wp-content\/uploads\/sites\/30\/2021\/06\/tlo.png?id=) !important;}&#8221;][vc_tta_tour color=&#8221;white&#8221; active_section=&#8221;1&#8243;][vc_tta_section title=&#8221;Rekrutacja&#8221; tab_id=&#8221;1673592309068-aa07ae17-a70e&#8221;][vc_column_text css=&#8221;&#8221;]<\/p>\n<p style=\"text-align: left\"><strong><span style=\"font-family: arial, helvetica, sans-serif;font-size: 16px;color: #000000\">Informacje og\u00f3lne<\/span><\/strong><\/p>\n<p style=\"text-align: left\" align=\"JUSTIFY\"><span style=\"font-family: arial, helvetica, sans-serif;font-size: 16px;color: #000000\">Rekrutacja prowadzona jest w systemie elektronicznym poprzez stron\u0119 rekrutacje.edu.wroclaw.pl<\/span><\/p>\n<p style=\"text-align: left\" align=\"JUSTIFY\"><span style=\"font-family: arial, helvetica, sans-serif;font-size: 16px;color: #000000\">W dniach 20-25 marca 2026 elektroniczny system rekrutacji dost\u0119pny jest 24 godziny na dob\u0119. W dniu rozpocz\u0119cia rekrutacji tj. 20 marca od godz. 12.00, a w dniu zako\u0144czenia tj. 25 marca do godz. 15.00. <\/span><\/p>\n<p style=\"text-align: left\" align=\"JUSTIFY\"><span style=\"color: #000000;font-family: arial, helvetica, sans-serif;font-size: 16px\">W przypadku braku mo\u017cliwo\u015bci skorzystania z systemu elektronicznego istnieje mo\u017cliwo\u015b\u0107 z\u0142o\u017cenia wniosku wraz z za\u0142\u0105cznikami bezpo\u015brednio w plac\u00f3wce.<\/span><\/p>\n<p style=\"text-align: left\" align=\"JUSTIFY\"><span style=\"font-family: arial, helvetica, sans-serif;font-size: 16px;color: #000000\">Post\u0119powanie rekrutacyjne przeprowadza komisja rekrutacyjna powo\u0142ana przez dyrektora w plac\u00f3wce.<\/span><\/p>\n<p style=\"text-align: left\" align=\"JUSTIFY\"><strong><span style=\"font-family: arial, helvetica, sans-serif;font-size: 16px;color: #000000\">Harmonogram rekrutacji dla rodzic\u00f3w<\/span><\/strong><\/p>\n<p style=\"text-align: left\" align=\"JUSTIFY\"><span style=\"font-family: arial, helvetica, sans-serif;font-size: 16px;color: #000000\">11 marca 2026 od godz. 12.00<\/span><\/p>\n<p style=\"text-align: left\" align=\"JUSTIFY\"><span style=\"font-family: arial, helvetica, sans-serif;font-size: 16px;color: #000000\">Zapoznaj si\u0119 z ofert\u0105 przedszkoli <\/span><\/p>\n<p style=\"text-align: left\" align=\"JUSTIFY\"><span style=\"font-family: arial, helvetica, sans-serif;font-size: 16px;color: #000000\">20 marca 2026 od godz. 12.00 do 25 marca 2025 do godz. 15.00<\/span><\/p>\n<p style=\"text-align: left\" align=\"JUSTIFY\"><span style=\"font-family: arial, helvetica, sans-serif;font-size: 16px;color: #000000\">Wype\u0142nij wniosek w systemie<\/span><\/p>\n<p style=\"text-align: left\"><span style=\"font-family: arial, helvetica, sans-serif;font-size: 16px;color: #000000\">21 kwietnia 2026<\/span><\/p>\n<p style=\"text-align: left\"><span style=\"font-family: arial, helvetica, sans-serif;font-size: 16px;color: #000000\">Sprawd\u017a wyniki dzieci zakwalifikowanych i niezakwalifikowanych<\/span><\/p>\n<p style=\"text-align: left\"><span style=\"font-family: arial, helvetica, sans-serif;font-size: 16px;color: #000000\">21 do 22 kwietnia 2026<\/span><\/p>\n<p style=\"text-align: left\"><span style=\"font-family: arial, helvetica, sans-serif;font-size: 16px;color: #000000\">Z\u0142\u00f3\u017c ewentualn\u0105 rezygnacj\u0119 z miejsca w systemie<\/span><\/p>\n<p style=\"text-align: left\"><span style=\"font-family: arial, helvetica, sans-serif;font-size: 16px;color: #000000\">24 kwietnia 2026 od godz. 14.00<\/span><\/p>\n<p style=\"text-align: left\"><span style=\"font-family: arial, helvetica, sans-serif;font-size: 16px;color: #000000\">Sprawd\u017a<b> <\/b>list\u0119 kandydat\u00f3w przyj\u0119tych i nieprzyj\u0119tych<\/span><\/p>\n<p style=\"text-align: left\"><strong><span style=\"font-family: arial, helvetica, sans-serif;font-size: 16px;color: #000000\">Harmonogram rekrutacji dla rodzic\u00f3w &#8211; post\u0119powanie uzupe\u0142niaj\u0105ce<\/span><\/strong><\/p>\n<p style=\"text-align: left\" align=\"JUSTIFY\"><span style=\"font-family: arial, helvetica, sans-serif;font-size: 16px;color: #000000\">20 maja 2026 od godz. 12.00 do 22 maja 2026 do godz. 15.00<\/span><\/p>\n<p style=\"text-align: left\" align=\"JUSTIFY\"><span style=\"font-family: arial, helvetica, sans-serif;font-size: 16px;color: #000000\">Wype\u0142nij wniosek w systemie<\/span><\/p>\n<p style=\"text-align: left\"><span style=\"font-family: arial, helvetica, sans-serif;font-size: 16px;color: #000000\">5 czerwca 2026<\/span><\/p>\n<p style=\"text-align: left\"><span style=\"font-family: arial, helvetica, sans-serif;font-size: 16px;color: #000000\">Sprawd\u017a wyniki dzieci zakwalifikowanych i niezakwalifikowanych<\/span><\/p>\n<p style=\"text-align: left\"><span style=\"font-family: arial, helvetica, sans-serif;font-size: 16px;color: #000000\">5 czerwca do 8 czerwca 2026<\/span><\/p>\n<p style=\"text-align: left\"><span style=\"font-family: arial, helvetica, sans-serif;font-size: 16px;color: #000000\">Z\u0142\u00f3\u017c ewentualn\u0105 rezygnacj\u0119 z miejsca w systemie<\/span><\/p>\n<p style=\"text-align: left\"><span style=\"font-family: arial, helvetica, sans-serif;font-size: 16px;color: #000000\">10 czerwca 2026 od godz. 14.00<\/span><\/p>\n<p style=\"text-align: left\"><span style=\"font-family: arial, helvetica, sans-serif;font-size: 16px;color: #000000\">Sprawd\u017a<b> <\/b>list\u0119 kandydat\u00f3w przyj\u0119tych i nieprzyj\u0119tych<\/span><\/p>\n<p style=\"text-align: left\"><strong><span style=\"font-family: arial, helvetica, sans-serif;font-size: 16px;color: #000000\">Kontynuacja<\/span><\/strong><\/p>\n<p style=\"text-align: left\" align=\"JUSTIFY\"><span style=\"color: #000000;font-family: arial, helvetica, sans-serif;font-size: 16px\">Rodzice dzieci ucz\u0119szczaj\u0105cych do przedszkola maj\u0105cy zamiar pozostawi\u0107 dziecko w tej plac\u00f3wce w kolejnym roku szkolnym, sk\u0142adaj\u0105 w przedszkolu wol\u0119 kontynuacji.<\/span><\/p>\n<p style=\"text-align: left\" align=\"JUSTIFY\"><span style=\"color: #000000;font-family: arial, helvetica, sans-serif;font-size: 16px\">Rodzice dzieci ucz\u0119szczaj\u0105cych do przedszkola maj\u0105cy zamiar zmieni\u0107 dziecku plac\u00f3wk\u0119 w kolejnym roku szkolnym, nie sk\u0142adaj\u0105 woli kontynuacji w macierzystym przedszkolu i bior\u0105 udzia\u0142 w rekrutacji.<\/span><\/p>\n<p style=\"text-align: left\" align=\"JUSTIFY\"><strong><span style=\"font-family: arial, helvetica, sans-serif;font-size: 16px;color: #000000\">Podstawy prawne<\/span><\/strong><\/p>\n<p style=\"text-align: left\" align=\"JUSTIFY\"><span style=\"color: #000000;font-family: arial, helvetica, sans-serif;font-size: 16px\">Rekrutacja na rok szkolny 2025\/2026 odbywa si\u0119 na podstawie:<\/span><\/p>\n<p style=\"text-align: left\" align=\"JUSTIFY\"><span style=\"font-family: arial, helvetica, sans-serif;font-size: 16px;color: #000000\">&#8211; Ustawy z dnia 14 grudnia 2016 r. Prawo o\u015bwiatowe (Dz. U. 2025, poz. 1043 ze zm.)<\/span><\/p>\n<p style=\"text-align: left\" align=\"JUSTIFY\"><span style=\"font-family: arial, helvetica, sans-serif;font-size: 16px;color: #000000\">&#8211; Rozporz\u0105dzenia Ministra Edukacji i Nauki z dnia 3 kwietnia 2025 r. w sprawie przeprowadzania post\u0119powania rekrutacyjnego oraz post\u0119powania uzupe\u0142niaj\u0105cego do publicznych przedszkoli, szk\u00f3\u0142 plac\u00f3wek i centr\u00f3w (Dz. U. 2025 r. poz. 464)<\/span><\/p>\n<p style=\"text-align: left\" align=\"JUSTIFY\"><span style=\"font-family: arial, helvetica, sans-serif;font-size: 16px;color: #000000\">&#8211; Uchwa\u0142y Nr LXIV\/1664\/23 Rady Miejskiej Wroc\u0142awia z dnia 19 stycznia 2023 r. w sprawie kryteri\u00f3w wraz z liczb\u0105 punkt\u00f3w na drugim etapie post\u0119powania rekrutacyjnego do publicznych przedszkoli, oddzia\u0142\u00f3w przedszkolnych w szko\u0142ach podstawowych, prowadzonych przez Miasto Wroc\u0142aw<\/span><\/p>\n<p style=\"text-align: left\" align=\"JUSTIFY\"><span style=\"font-family: arial, helvetica, sans-serif;font-size: 16px;color: #000000\">&#8211; Zarz\u0105dzenia Nr 4168\/26 Prezydenta Wroc\u0142awia z dnia 13 stycznia 2026r. w sprawie termin\u00f3w przeprowadzania post\u0119powania rekrutacyjnego i post\u0119powania uzupe\u0142niaj\u0105cego, w tym termin\u00f3w sk\u0142adania dokument\u00f3w, do publicznych przedszkoli, oddzia\u0142\u00f3w przedszkolnych w publicznych szko\u0142ach podstawowych na rok szkolny 2026\/2027<\/span><\/p>\n<p style=\"text-align: left\" align=\"JUSTIFY\"><strong><span style=\"font-family: arial, helvetica, sans-serif;font-size: 16px;color: #000000\">Udzia\u0142 w rekrutacji<\/span><\/strong><\/p>\n<p style=\"text-align: left\" align=\"JUSTIFY\"><span style=\"font-family: arial, helvetica, sans-serif;font-size: 16px;color: #000000\">Rekrutacja dla dzieci zamieszkuj\u0105cych we Wroc\u0142awiu, urodzonych w latach 2020 &#8211; 2023:<\/span><\/p>\n<p style=\"text-align: left\" align=\"JUSTIFY\"><span style=\"font-family: arial, helvetica, sans-serif;font-size: 16px;color: #000000\">2023 r. \u2013 3 latki<\/span><\/p>\n<p style=\"text-align: left\" align=\"JUSTIFY\"><span style=\"font-family: arial, helvetica, sans-serif;font-size: 16px;color: #000000\">2022 r. \u2013 4 latki<\/span><\/p>\n<p style=\"text-align: left\" align=\"JUSTIFY\"><span style=\"font-family: arial, helvetica, sans-serif;font-size: 16px;color: #000000\">2021 r. \u2013 5 latki<\/span><\/p>\n<p style=\"text-align: left\" align=\"JUSTIFY\"><span style=\"font-family: arial, helvetica, sans-serif;font-size: 16px;color: #000000\">2020r. \u2013 6 latki<\/span><\/p>\n<p style=\"text-align: left\" align=\"JUSTIFY\"><span style=\"font-family: arial, helvetica, sans-serif;font-size: 16px;color: #000000\">W rekrutacji mog\u0105 te\u017c wzi\u0105\u0107 udzia\u0142 dzieci ze starszych rocznik\u00f3w posiadaj\u0105ce decyzj\u0119 o odroczeniu spe\u0142niania obowi\u0105zku szkolnego.<\/span><\/p>\n<p style=\"text-align: left\" align=\"JUSTIFY\"><span style=\"font-family: arial, helvetica, sans-serif;font-size: 16px;color: #000000\">Miejscem zamieszkania dziecka jest miejsce zamieszkania jego rodzic\u00f3w albo tego z rodzic\u00f3w, kt\u00f3remu wy\u0142\u0105cznie przys\u0142uguje w\u0142adza rodzicielska lub kt\u00f3remu zosta\u0142o powierzone wykonywanie w\u0142adzy rodzicielskiej.<\/span><\/p>\n<p style=\"text-align: left\" align=\"JUSTIFY\"><span style=\"font-family: arial, helvetica, sans-serif;font-size: 16px;color: #000000\">Je\u017celi w\u0142adza rodzicielska przys\u0142uguje na r\u00f3wni obojgu rodzicom maj\u0105cym osobne miejsce zamieszkania, miejsce zamieszkania dziecka jest u tego z rodzic\u00f3w, u kt\u00f3rego dziecko stale przebywa. Je\u017celi dziecko nie przebywa stale u \u017cadnego z rodzic\u00f3w, jego miejsce zamieszkania okre\u015bla s\u0105d opieku\u0144czy (art. 26 \u00a7 1 i2 ustawy z dnia 23 kwietnia 1964 r. Kodeks cywilny \u2013 Dz. U. 2025, poz. 1071 ze zm.).<\/span><\/p>\n<p style=\"text-align: left\" align=\"JUSTIFY\"><span style=\"font-family: arial, helvetica, sans-serif;font-size: 16px;color: #000000\">Na potrzeby rekrutacji przyjmuje si\u0119, \u017ce zamieszkanie to:<\/span><\/p>\n<p align=\"JUSTIFY\">a) zamieszkanie potwierdzone zameldowaniem sta\u0142ym<\/p>\n<p align=\"JUSTIFY\">b) zamieszkanie potwierdzone zameldowaniem\u00a0 czasowym (obejmuj\u0105cym dzie\u0144 01.09.2026r.)<\/p>\n<p align=\"JUSTIFY\">c) zamieszkanie potwierdzone innym dokumentem<\/p>\n<p style=\"text-align: left\" align=\"LEFT\"><strong><span style=\"font-family: arial, helvetica, sans-serif;font-size: 16px;color: #000000\">Rekrutacja dzieci o specjalnych potrzebach edukacyjnych<\/span><\/strong><\/p>\n<p style=\"text-align: left\" align=\"JUSTIFY\"><span style=\"font-family: arial, helvetica, sans-serif;font-size: 16px;color: #000000\">Kandydat posiadaj\u0105cy orzeczenie o potrzebie kszta\u0142cenia specjalnego mo\u017ce bra\u0107 udzia\u0142 w\u00a0rekrutacji do oddzia\u0142\u00f3w og\u00f3lnodost\u0119pnych lub integracyjnych w przedszkolach i szko\u0142ach podstawowych;<\/span><\/p>\n<p style=\"text-align: left\"><span style=\"font-family: arial, helvetica, sans-serif;font-size: 16px;color: #000000\">Dzieci posiadaj\u0105ce orzeczenie o potrzebie kszta\u0142cenia specjalnego ubiegaj\u0105ce si\u0119 o przyj\u0119cie do:<\/span><\/p>\n<p style=\"text-align: left\"><span style=\"font-family: arial, helvetica, sans-serif;font-size: 16px;color: #000000\">\uf0b7 przedszkola specjalnego,<\/span><\/p>\n<p style=\"text-align: left\"><span style=\"font-family: arial, helvetica, sans-serif;font-size: 16px;color: #000000\">\uf0b7 oddzia\u0142u specjalnego<\/span><\/p>\n<p style=\"text-align: left\"><span style=\"font-family: arial, helvetica, sans-serif;font-size: 16px;color: #000000\">nie bior\u0105 udzia\u0142u w rekrutacji elektronicznej.<\/span><\/p>\n<p style=\"text-align: left\"><span style=\"font-family: arial, helvetica, sans-serif;font-size: 16px;color: #000000\">UWAGA: rodzice\/opiekunowie prawni dzieci spoza Wroc\u0142awia sk\u0142adaj\u0105 wniosek w\u00a0Starostwie Powiatowym, w\u0142a\u015bciwym ze wzgl\u0119du na miejsce zamieszkania dziecka<\/span><\/p>\n<p style=\"text-align: left\" align=\"LEFT\"><span style=\"font-family: arial, helvetica, sans-serif;font-size: 16px;color: #000000\">Wykaz plac\u00f3wek integracyjnych i z oddzia\u0142ami integracyjnymi<\/span><\/p>\n<p style=\"text-align: left\"><span style=\"font-family: arial, helvetica, sans-serif;font-size: 16px;color: #000000\">Przedszkola integracyjne:<\/span><\/p>\n<ul style=\"text-align: left\">\n<li><span style=\"font-family: arial, helvetica, sans-serif;font-size: 16px;color: #000000\">Przedszkole Integracyjne nr 12 ul. Zgodna 10-14<\/span><\/li>\n<li><span style=\"font-family: arial, helvetica, sans-serif;font-size: 16px;color: #000000\">Przedszkole Integracyjne nr 68 ul. Jana D\u0142ugosza 29<\/span><\/li>\n<li><span style=\"font-family: arial, helvetica, sans-serif;font-size: 16px;color: #000000\">Przedszkole Integracyjne nr 89 ul. Oporowska 1<\/span><\/li>\n<li><span style=\"font-family: arial, helvetica, sans-serif;font-size: 16px;color: #000000\">Przedszkole Integracyjne nr 93 ul. Grochowa 15<\/span><\/li>\n<li><span style=\"font-family: arial, helvetica, sans-serif;font-size: 16px;color: #000000\">Przedszkole Integracyjne nr 125 ul. \u015acinawska 10<\/span><\/li>\n<\/ul>\n<p style=\"text-align: left\"><span style=\"font-family: arial, helvetica, sans-serif;font-size: 16px;color: #000000\">Przedszkola z oddzia\u0142ami integracyjnymi:<\/span><\/p>\n<ul style=\"text-align: left\">\n<li><span style=\"font-family: arial, helvetica, sans-serif;font-size: 16px;color: #000000\">Przedszkole nr 4 ul. S\u0142owicza 7 &#8211; 9<\/span><\/li>\n<li><span style=\"font-family: arial, helvetica, sans-serif;font-size: 16px;color: #000000\">Przedszkole nr 8 w Zespole Szkolno &#8211; Przedszkolnym nr 12 ul. Suwalska 5<\/span><\/li>\n<li><span style=\"font-family: arial, helvetica, sans-serif;font-size: 16px;color: #000000\">Przedszkole nr 25 ul. Kr\u0119ta 1a<\/span><\/li>\n<li><span style=\"font-family: arial, helvetica, sans-serif;font-size: 16px;color: #000000\">Przedszkole nr 29 w Zespole Szkolno \u2013 Przedszkolnym nr 6 ul. K. I. Ga\u0142czy\u0144skiego 8\u00a0<\/span><\/li>\n<li><span style=\"font-family: arial, helvetica, sans-serif;font-size: 16px;color: #000000\">Przedszkole nr 35 ul. Gen. Kazimierza Pu\u0142askiego 20a<\/span><\/li>\n<li><span style=\"font-family: arial, helvetica, sans-serif;font-size: 16px;color: #000000\">Przedszkole nr 66 ul. \u0141\u0105czna 1-5<\/span><\/li>\n<li><span style=\"font-family: arial, helvetica, sans-serif;font-size: 16px;color: #000000\">Przedszkole nr 80 ul. Zieli\u0144skiego 74<\/span><\/li>\n<li><span style=\"font-family: arial, helvetica, sans-serif;font-size: 16px;color: #000000\">Przedszkole nr 97 w Zespole Szkolno \u2013 Przedszkolnym nr 8 ul. Sk\u0142adowa 2-4<\/span><\/li>\n<li><span style=\"font-family: arial, helvetica, sans-serif;font-size: 16px;color: #000000\">Przedszkole nr 107 ul. Wincentego Stysia 71\u00a0<\/span><\/li>\n<li><span style=\"font-family: arial, helvetica, sans-serif;font-size: 16px;color: #000000\">Przedszkole nr 109 ul. Nowowiejska 80a<\/span><\/li>\n<li><span style=\"font-family: arial, helvetica, sans-serif;font-size: 16px;color: #000000\">Przedszkole nr 121 ul. Tramwajowa 34<\/span><\/li>\n<li><span style=\"font-family: arial, helvetica, sans-serif;font-size: 16px;color: #000000\">Przedszkole nr 136 ul. Gliniana 85<\/span><\/li>\n<\/ul>\n<p style=\"text-align: left\"><span style=\"font-family: arial, helvetica, sans-serif;font-size: 16px;color: #000000\">Integracyjne odzia\u0142y przedszkolne w szko\u0142ach podstawowych:<\/span><\/p>\n<ul style=\"text-align: left\">\n<li><span style=\"font-family: arial, helvetica, sans-serif;font-size: 16px;color: #000000\">Szko\u0142a Podstawowa nr 8 ul. Kowalska 105<\/span><\/li>\n<li><span style=\"font-family: arial, helvetica, sans-serif;font-size: 16px;color: #000000\">Szko\u0142a Podstawowa nr 12 ul. Janiszewskiego 14<\/span><\/li>\n<li><span style=\"font-family: arial, helvetica, sans-serif;font-size: 16px;color: #000000\">Szko\u0142a Podstawowa nr 75 w Zespole Szk\u00f3\u0142 nr 21 ul. Ignuta 28<\/span><\/li>\n<\/ul>\n<p style=\"text-align: left\" align=\"LEFT\"><span style=\"font-family: arial, helvetica, sans-serif;font-size: 16px;color: #000000\">Od wrze\u015bnia 2026 roku oddzia\u0142y specjalne:<\/span><\/p>\n<ul>\n<li><span style=\"font-family: arial, helvetica, sans-serif;font-size: 16px;color: #000000\">Przedszkole nr 54 ul. Edwarda Wittiga 3<\/span><\/li>\n<li><span style=\"font-family: arial, helvetica, sans-serif;font-size: 16px;color: #000000\">Przedszkole nr 89 ul. Oporowska 1<\/span><\/li>\n<li><span style=\"font-family: arial, helvetica, sans-serif;font-size: 16px;color: #000000\">Przedszkole nr 109 ul. Nowowiejska 80<\/span><\/li>\n<li><span style=\"font-family: arial, helvetica, sans-serif;font-size: 16px;color: #000000\">Specjalny O\u015brodek Szkolno &#8211; Wychowawczy nr 10 ul. Parkowa 27<\/span><\/li>\n<\/ul>\n<p style=\"text-align: left\" align=\"CENTER\"><strong><span style=\"font-family: arial, helvetica, sans-serif;font-size: 16px;color: #000000\">Rekrutacja dzieci posiadaj\u0105cych orzeczenie o potrzebie kszta\u0142cenia specjalnego tylko do oddzia\u0142\u00f3w og\u00f3lnodost\u0119pnych<\/span><\/strong><\/p>\n<p style=\"text-align: left\" align=\"JUSTIFY\"><span style=\"font-family: arial, helvetica, sans-serif;font-size: 16px;color: #000000\">Rodzice dzieci ubiegaj\u0105cych si\u0119 o przyj\u0119cie do oddzia\u0142\u00f3w og\u00f3lnodost\u0119pnych bior\u0105 udzia\u0142 w rekrutacji elektronicznej \u2013 na zasadach og\u00f3lnych zaznaczaj\u0105c we wniosku r\u00f3wnie\u017c posiadanie orzeczenia.<\/span><\/p>\n<p style=\"text-align: left\" align=\"CENTER\"><span style=\"font-family: arial, helvetica, sans-serif;font-size: 16px;color: #000000\">Rekrutacja dzieci posiadaj\u0105cych orzeczenie o potrzebie kszta\u0142cenia specjalnego tylko do oddzia\u0142\u00f3w integracyjnych<\/span><\/p>\n<p style=\"text-align: left\" align=\"JUSTIFY\"><span style=\"font-family: arial, helvetica, sans-serif;font-size: 16px;color: #000000\">Rodzice dzieci ubiegaj\u0105cych si\u0119 o przyj\u0119cie do oddzia\u0142\u00f3w integracyjnych bior\u0105 udzia\u0142 w rekrutacji elektronicznej<\/span><\/p>\n<ul style=\"text-align: left\">\n<li>\n<p align=\"JUSTIFY\"><span style=\"font-family: arial, helvetica, sans-serif;font-size: 16px;color: #000000\"><i>Zaznaczaj\u0105 posiadanie orzeczenia o kszta\u0142ceniu specjalnym<\/i><\/span><\/p>\n<\/li>\n<li>\n<p align=\"JUSTIFY\"><span style=\"font-family: arial, helvetica, sans-serif;font-size: 16px;color: #000000\"><i>wybieraj\u0105 z listy maksymalnie 3 oddzia\u0142y integracyjne w 3 plac\u00f3wkach <\/i><\/span><\/p>\n<\/li>\n<li>\n<p align=\"JUSTIFY\"><span style=\"font-family: arial, helvetica, sans-serif;font-size: 16px;color: #000000\">za\u0142\u0105czaj\u0105 w systemie posiadane orzeczenie<\/span><\/p>\n<\/li>\n<\/ul>\n<p style=\"text-align: left\" align=\"CENTER\"><strong><span style=\"font-family: arial, helvetica, sans-serif;font-size: 16px;color: #000000\">Rekrutacja dzieci posiadaj\u0105cych orzeczenie o potrzebie kszta\u0142cenia specjalnego do oddzia\u0142u og\u00f3lnodost\u0119pnego oraz integracyjnego<\/span><\/strong><\/p>\n<p style=\"text-align: left\" align=\"JUSTIFY\"><span style=\"font-family: arial, helvetica, sans-serif;font-size: 16px;color: #000000\">W przypadku jednoczesnej rekrutacji do oddzia\u0142u integracyjnego oraz og\u00f3lnodost\u0119pnego,<b> <\/b>jako kolejnego wyboru, nale\u017cy pami\u0119ta\u0107, aby na pierwszym miejscu wskaza\u0107 oddzia\u0142 integracyjny. Wniosek nale\u017cy wype\u0142ni\u0107 na zasadach og\u00f3lnych i do\u0142\u0105czy\u0107 w systemie posiadane orzeczenie.<\/span><\/p>\n<p style=\"text-align: left\" align=\"JUSTIFY\"><span style=\"font-family: arial, helvetica, sans-serif;font-size: 16px;color: #000000\"><strong>Dodatkowe informacje<\/strong><\/span><\/p>\n<p style=\"text-align: left\" align=\"JUSTIFY\"><span style=\"font-family: arial, helvetica, sans-serif;font-size: 16px;color: #000000\">1. Przygotowanie do wprowadzenia wniosku w systemie<\/span><\/p>\n<ul>\n<li><span style=\"font-family: arial, helvetica, sans-serif;font-size: 16px;color: #000000\">przygotowanie skan\u00f3w dokument\u00f3w (zatrudnienie, niepe\u0142nosprawno\u015b\u0107, piecza zast\u0119pcza, \u017c\u0142obki)<\/span><\/li>\n<li><span style=\"color: #000000;font-family: arial, helvetica, sans-serif\">wype\u0142nione aktywne pdf pobrane ze strony, zapisane w formacie pdf<\/span><\/li>\n<\/ul>\n<p align=\"JUSTIFY\"><span style=\"font-family: arial, helvetica, sans-serif;font-size: 16px;color: #000000\">2. Rozmiar za\u0142\u0105cznik\u00f3w do 5 MB<\/span><\/p>\n<p align=\"JUSTIFY\"><span style=\"font-family: arial, helvetica, sans-serif;font-size: 16px;color: #000000\">3. Nasz Wroc\u0142aw\/ Nasz Wroc\u0142aw MAX <\/span><\/p>\n<p align=\"JUSTIFY\"><span style=\"font-family: arial, helvetica, sans-serif;font-size: 16px;color: #000000\">Wniosku nie nale\u017cy wype\u0142nia\u0107 w dniu, w kt\u00f3rym pobra\u0142o si\u0119 aplikacj\u0119 Nasz Wroc\u0142aw\/ Nasz Wroc\u0142aw Max<\/span><\/p>\n<p align=\"JUSTIFY\"><a href=\"https:\/\/przedszkole77.edu.wroclaw.pl\/wp-content\/uploads\/sites\/70\/2026\/01\/BIULETYN-INFORMACYJNY.pdf\">BIULETYN INFORMACYJNY(PDF1,12MB)<\/a><\/p>\n<p align=\"JUSTIFY\"><a href=\"https:\/\/przedszkole77.edu.wroclaw.pl\/wp-content\/uploads\/sites\/70\/2026\/01\/KRYTERIA-.pdf\">KRYTERIA<\/a>(PDF115KB)<\/p>\n<p align=\"JUSTIFY\"><a href=\"https:\/\/przedszkole77.edu.wroclaw.pl\/wp-content\/uploads\/sites\/70\/2026\/01\/DOCHOD.pdf\">DOCH\u00d3D<\/a>(PDF48KB)<\/p>\n<p align=\"JUSTIFY\"><a href=\"https:\/\/przedszkole77.edu.wroclaw.pl\/wp-content\/uploads\/sites\/70\/2026\/01\/ODWOLANIA.pdf\">ODWO\u0141ANIA<\/a>(48,5KB)<\/p>\n<p align=\"JUSTIFY\"><a href=\"https:\/\/przedszkole77.edu.wroclaw.pl\/wp-content\/uploads\/sites\/70\/2026\/01\/SAMOTNE-WYCHOWANIE.pdf\">SAMOTNE WYCHOWANIE<\/a>(26,5KB)<\/p>\n<p>[\/vc_column_text][\/vc_tta_section][\/vc_tta_tour][\/vc_column][\/vc_row]<\/p>\n<\/div>","protected":false},"excerpt":{"rendered":"<p>[vc_row][vc_column css=&#8221;.vc_custom_1673594975485{background: #1e73be url(https:\/\/przedszkola.edu.wroclaw.pl\/wp-content\/uploads\/sites\/30\/2021\/06\/tlo.png?id=) !important;}&#8221;][vc_tta_tour color=&#8221;white&#8221; active_section=&#8221;1&#8243;][vc_tta_section title=&#8221;Rekrutacja&#8221; tab_id=&#8221;1673592309068-aa07ae17-a70e&#8221;][vc_column_text css=&#8221;&#8221;] Informacje og\u00f3lne Rekrutacja prowadzona jest w systemie elektronicznym poprzez stron\u0119 rekrutacje.edu.wroclaw.pl W dniach 20-25 marca 2026 elektroniczny system rekrutacji dost\u0119pny [&hellip;]<\/p>\n","protected":false},"author":15,"featured_media":0,"parent":0,"menu_order":0,"comment_status":"closed","ping_status":"closed","template":"","meta":{"footnotes":""},"class_list":["post-28","page","type-page","status-publish","hentry","clearfix"],"_links":{"self":[{"href":"https:\/\/przedszkole77.edu.wroclaw.pl\/index.php\/wp-json\/wp\/v2\/pages\/28","targetHints":{"allow":["GET"]}}],"collection":[{"href":"https:\/\/przedszkole77.edu.wroclaw.pl\/index.php\/wp-json\/wp\/v2\/pages"}],"about":[{"href":"https:\/\/przedszkole77.edu.wroclaw.pl\/index.php\/wp-json\/wp\/v2\/types\/page"}],"author":[{"embeddable":true,"href":"https:\/\/przedszkole77.edu.wroclaw.pl\/index.php\/wp-json\/wp\/v2\/users\/15"}],"replies":[{"embeddable":true,"href":"https:\/\/przedszkole77.edu.wroclaw.pl\/index.php\/wp-json\/wp\/v2\/comments?post=28"}],"version-history":[{"count":33,"href":"https:\/\/przedszkole77.edu.wroclaw.pl\/index.php\/wp-json\/wp\/v2\/pages\/28\/revisions"}],"predecessor-version":[{"id":2994,"href":"https:\/\/przedszkole77.edu.wroclaw.pl\/index.php\/wp-json\/wp\/v2\/pages\/28\/revisions\/2994"}],"wp:attachment":[{"href":"https:\/\/przedszkole77.edu.wroclaw.pl\/index.php\/wp-json\/wp\/v2\/media?parent=28"}],"curies":[{"name":"wp","href":"https:\/\/api.w.org\/{rel}","templated":true}]}}